{"id":4663,"date":"2023-08-09T17:16:33","date_gmt":"2023-08-09T17:16:33","guid":{"rendered":"https:\/\/www.calacsdelouest.ca\/?page_id=4663"},"modified":"2025-07-29T13:41:42","modified_gmt":"2025-07-29T13:41:42","slug":"were-in-the-news","status":"publish","type":"page","link":"https:\/\/collectifconsenti.ca\/en\/were-in-the-news\/","title":{"rendered":"We&#8217;re in the news"},"content":{"rendered":"\t\t<div data-elementor-type=\"wp-page\" data-elementor-id=\"4663\" class=\"elementor elementor-4663 elementor-4636\" data-elementor-post-type=\"page\">\n\t\t\t\t\t\t<section class=\"elementor-section elementor-top-section elementor-element elementor-element-1856582 elementor-section-boxed elementor-section-height-default elementor-section-height-default\" data-id=\"1856582\" data-element_type=\"section\" data-settings=\"{&quot;jet_parallax_layout_list&quot;:[]}\">\n\t\t\t\t\t\t<div class=\"elementor-container elementor-column-gap-default\">\n\t\t\t\t\t<div class=\"elementor-column elementor-col-100 elementor-top-column elementor-element elementor-element-22f489a\" data-id=\"22f489a\" data-element_type=\"column\">\n\t\t\t<div class=\"elementor-widget-wrap elementor-element-populated\">\n\t\t\t\t\t\t\t<\/div>\n\t\t<\/div>\n\t\t\t\t\t<\/div>\n\t\t<\/section>\n\t\t\t\t<section class=\"elementor-section elementor-top-section elementor-element elementor-element-37876416 elementor-section-height-min-height ph elementor-section-boxed elementor-section-height-default elementor-section-items-middle\" data-id=\"37876416\" data-element_type=\"section\" data-settings=\"{&quot;jet_parallax_layout_list&quot;:[],&quot;background_background&quot;:&quot;classic&quot;}\">\n\t\t\t\t\t\t\t<div class=\"elementor-background-overlay\"><\/div>\n\t\t\t\t\t\t\t<div class=\"elementor-container elementor-column-gap-default\">\n\t\t\t\t\t<div class=\"elementor-column elementor-col-100 elementor-top-column elementor-element elementor-element-6100c7a3 pv100\" data-id=\"6100c7a3\" data-element_type=\"column\">\n\t\t\t<div class=\"elementor-widget-wrap elementor-element-populated\">\n\t\t\t\t\t\t<div class=\"elementor-element elementor-element-9daeed0 elementor-invisible elementor-widget elementor-widget-heading\" data-id=\"9daeed0\" data-element_type=\"widget\" data-settings=\"{&quot;_animation&quot;:&quot;fadeInDown&quot;}\" data-widget_type=\"heading.default\">\n\t\t\t\t<div class=\"elementor-widget-container\">\n\t\t\t<p class=\"elementor-heading-title elementor-size-default\">GET INFORMED<\/p>\t\t<\/div>\n\t\t\t\t<\/div>\n\t\t\t\t<div class=\"elementor-element elementor-element-6fe58bd5 elementor-invisible elementor-widget elementor-widget-heading\" data-id=\"6fe58bd5\" data-element_type=\"widget\" data-settings=\"{&quot;_animation&quot;:&quot;fadeInDown&quot;}\" data-widget_type=\"heading.default\">\n\t\t\t\t<div class=\"elementor-widget-container\">\n\t\t\t<h1 class=\"elementor-heading-title elementor-size-default\">We're in the news!<\/h1>\t\t<\/div>\n\t\t\t\t<\/div>\n\t\t\t\t\t<\/div>\n\t\t<\/div>\n\t\t\t\t\t<\/div>\n\t\t<\/section>\n\t\t\t\t<section class=\"elementor-section elementor-top-section elementor-element elementor-element-4748066d pv50  ph elementor-section-content-middle elementor-section-boxed elementor-section-height-default elementor-section-height-default\" data-id=\"4748066d\" data-element_type=\"section\" data-settings=\"{&quot;jet_parallax_layout_list&quot;:[],&quot;background_background&quot;:&quot;classic&quot;}\">\n\t\t\t\t\t\t<div class=\"elementor-container elementor-column-gap-default\">\n\t\t\t\t\t<div class=\"elementor-column elementor-col-100 elementor-top-column elementor-element elementor-element-1602511a\" data-id=\"1602511a\" data-element_type=\"column\">\n\t\t\t<div class=\"elementor-widget-wrap elementor-element-populated\">\n\t\t\t\t\t\t<div class=\"elementor-element elementor-element-9652e59 elementor-widget elementor-widget-heading\" data-id=\"9652e59\" data-element_type=\"widget\" data-widget_type=\"heading.default\">\n\t\t\t\t<div class=\"elementor-widget-container\">\n\t\t\t<h2 class=\"elementor-heading-title elementor-size-default\">Links to press articles<\/h2>\t\t<\/div>\n\t\t\t\t<\/div>\n\t\t\t\t<div class=\"elementor-element elementor-element-00b96e3 elementor-icon-list--layout-traditional elementor-list-item-link-full_width elementor-widget elementor-widget-icon-list\" data-id=\"00b96e3\" data-element_type=\"widget\" data-widget_type=\"icon-list.default\">\n\t\t\t\t<div class=\"elementor-widget-container\">\n\t\t\t\t\t<ul class=\"elementor-icon-list-items\">\n\t\t\t\t\t\t\t<li class=\"elementor-icon-list-item\">\n\t\t\t\t\t\t\t\t\t\t\t<a href=\"https:\/\/journalmetro.com\/local\/ouest-de-lile\/3024430\/un-organisme-montrealais-fait-volte-face-sur-le-travail-du-sexe\/\">\n\n\t\t\t\t\t\t\t\t\t\t\t\t<span class=\"elementor-icon-list-icon\">\n\t\t\t\t\t\t\t<i aria-hidden=\"true\" class=\"fas fa-check\"><\/i>\t\t\t\t\t\t<\/span>\n\t\t\t\t\t\t\t\t\t\t<span class=\"elementor-icon-list-text\">Un organisme montr\u00e9alais fait volte-face sur le travail du sexe, Journal Metro, March 8th 2023<\/span>\n\t\t\t\t\t\t\t\t\t\t\t<\/a>\n\t\t\t\t\t\t\t\t\t<\/li>\n\t\t\t\t\t\t\t\t<li class=\"elementor-icon-list-item\">\n\t\t\t\t\t\t\t\t\t\t\t<a href=\"https:\/\/www.lapresse.ca\/actualites\/grand-montreal\/2025-05-16\/culture-toxique\/des-organismes-claquent-la-porte-de-fierte-montreal.php\">\n\n\t\t\t\t\t\t\t\t\t\t\t\t<span class=\"elementor-icon-list-icon\">\n\t\t\t\t\t\t\t<i aria-hidden=\"true\" class=\"fas fa-check\"><\/i>\t\t\t\t\t\t<\/span>\n\t\t\t\t\t\t\t\t\t\t<span class=\"elementor-icon-list-text\">Des organismes claquent la porte de Fiert\u00e9 Montr\u00e9al, La Presse, May 16th 2025<\/span>\n\t\t\t\t\t\t\t\t\t\t\t<\/a>\n\t\t\t\t\t\t\t\t\t<\/li>\n\t\t\t\t\t\t\t\t<li class=\"elementor-icon-list-item\">\n\t\t\t\t\t\t\t\t\t\t\t<a href=\"https:\/\/ici.radio-canada.ca\/nouvelle\/2165871\/fierte-montreal-critiques-lesbo-queer-organismes\">\n\n\t\t\t\t\t\t\t\t\t\t\t\t<span class=\"elementor-icon-list-icon\">\n\t\t\t\t\t\t\t<i aria-hidden=\"true\" class=\"fas fa-check\"><\/i>\t\t\t\t\t\t<\/span>\n\t\t\t\t\t\t\t\t\t\t<span class=\"elementor-icon-list-text\">Fiert\u00e9 Montr\u00e9al : des organismes communautaires retirent leur appui, Radio-Canada, May 17th 2025 <\/span>\n\t\t\t\t\t\t\t\t\t\t\t<\/a>\n\t\t\t\t\t\t\t\t\t<\/li>\n\t\t\t\t\t\t\t\t<li class=\"elementor-icon-list-item\">\n\t\t\t\t\t\t\t\t\t\t\t<span class=\"elementor-icon-list-icon\">\n\t\t\t\t\t\t\t<i aria-hidden=\"true\" class=\"fas fa-check\"><\/i>\t\t\t\t\t\t<\/span>\n\t\t\t\t\t\t\t\t\t\t<span class=\"elementor-icon-list-text\">L\u2019inceste, ce crime sexuel \u00ab encore trop tabou \u00bb, Radio-Canada, May 20th 2025<\/span>\n\t\t\t\t\t\t\t\t\t<\/li>\n\t\t\t\t\t\t\t\t<li class=\"elementor-icon-list-item\">\n\t\t\t\t\t\t\t\t\t\t\t<a href=\"https:\/\/www.cbc.ca\/news\/canada\/montreal\/robert-miller-where-does-trial-leave-victims-1.7558539\">\n\n\t\t\t\t\t\t\t\t\t\t\t\t<span class=\"elementor-icon-list-icon\">\n\t\t\t\t\t\t\t<i aria-hidden=\"true\" class=\"fas fa-check\"><\/i>\t\t\t\t\t\t<\/span>\n\t\t\t\t\t\t\t\t\t\t<span class=\"elementor-icon-list-text\">Inconclusive end to Robert Miller's sex crimes trial denies closure to alleged victims, CBC news, June 12th 2025<\/span>\n\t\t\t\t\t\t\t\t\t\t\t<\/a>\n\t\t\t\t\t\t\t\t\t<\/li>\n\t\t\t\t\t\t\t\t<li class=\"elementor-icon-list-item\">\n\t\t\t\t\t\t\t\t\t\t\t<span class=\"elementor-icon-list-icon\">\n\t\t\t\t\t\t\t<i aria-hidden=\"true\" class=\"fas fa-check\"><\/i>\t\t\t\t\t\t<\/span>\n\t\t\t\t\t\t\t\t\t\t<span class=\"elementor-icon-list-text\">Les cinq joueurs de hockey acquitt\u00e9s: \u00abOn est en col\u00e8re, mais on n'est pas surpris\u00bb Sarah-Amina Nday Yenga, 98,5 - Le Qu\u00e9bec Maintenant, July 24th 2025<\/span>\n\t\t\t\t\t\t\t\t\t<\/li>\n\t\t\t\t\t\t<\/ul>\n\t\t\t\t<\/div>\n\t\t\t\t<\/div>\n\t\t\t\t\t<\/div>\n\t\t<\/div>\n\t\t\t\t\t<\/div>\n\t\t<\/section>\n\t\t\t\t<\/div>\n\t\t","protected":false},"excerpt":{"rendered":"<p>GET INFORMED We&#8217;re in the news! Links to press articles Un organisme montr\u00e9alais fait volte-face sur le travail du sexe, Journal Metro, March 8th 2023 Des organismes claquent la porte de Fiert\u00e9 Montr\u00e9al, La Presse, May 16th 2025 Fiert\u00e9 Montr\u00e9al : des organismes communautaires retirent leur appui, Radio-Canada, May 17th 2025 L\u2019inceste, ce crime sexuel [&hellip;]<\/p>\n","protected":false},"author":2,"featured_media":0,"parent":0,"menu_order":0,"comment_status":"closed","ping_status":"closed","template":"elementor_header_footer","meta":{"_acf_changed":false,"footnotes":""},"class_list":["post-4663","page","type-page","status-publish","hentry"],"acf":[],"yoast_head":"<!-- This site is optimized with the Yoast SEO plugin v23.5 - https:\/\/yoast.com\/wordpress\/plugins\/seo\/ -->\n<title>We&#039;re in the news - Collectif Consenti<\/title>\n<meta name=\"robots\" content=\"index, follow, max-snippet:-1, max-image-preview:large, max-video-preview:-1\" \/>\n<link rel=\"canonical\" href=\"https:\/\/collectifconsenti.ca\/elementor-4636\/\" \/>\n<meta property=\"og:locale\" content=\"en_US\" \/>\n<meta property=\"og:type\" content=\"article\" \/>\n<meta property=\"og:title\" content=\"We&#039;re in the news - Collectif Consenti\" \/>\n<meta property=\"og:description\" content=\"GET INFORMED We&#8217;re in the news! Links to press articles Un organisme montr\u00e9alais fait volte-face sur le travail du sexe, Journal Metro, March 8th 2023 Des organismes claquent la porte de Fiert\u00e9 Montr\u00e9al, La Presse, May 16th 2025 Fiert\u00e9 Montr\u00e9al : des organismes communautaires retirent leur appui, Radio-Canada, May 17th 2025 L\u2019inceste, ce crime sexuel [&hellip;]\" \/>\n<meta property=\"og:url\" content=\"https:\/\/collectifconsenti.ca\/elementor-4636\/\" \/>\n<meta property=\"og:site_name\" content=\"Collectif Consenti\" \/>\n<meta property=\"article:modified_time\" content=\"2025-07-29T13:41:42+00:00\" \/>\n<meta name=\"twitter:card\" content=\"summary_large_image\" \/>\n<meta name=\"twitter:label1\" content=\"Est. reading time\" \/>\n\t<meta name=\"twitter:data1\" content=\"1 minute\" \/>\n<script type=\"application\/ld+json\" class=\"yoast-schema-graph\">{\"@context\":\"https:\/\/schema.org\",\"@graph\":[{\"@type\":\"WebPage\",\"@id\":\"https:\/\/collectifconsenti.ca\/elementor-4636\/\",\"url\":\"https:\/\/collectifconsenti.ca\/elementor-4636\/\",\"name\":\"We're in the news - Collectif Consenti\",\"isPartOf\":{\"@id\":\"https:\/\/collectifconsenti.ca\/#website\"},\"datePublished\":\"2023-08-09T17:16:33+00:00\",\"dateModified\":\"2025-07-29T13:41:42+00:00\",\"breadcrumb\":{\"@id\":\"https:\/\/collectifconsenti.ca\/elementor-4636\/#breadcrumb\"},\"inLanguage\":\"en-US\",\"potentialAction\":[{\"@type\":\"ReadAction\",\"target\":[\"https:\/\/collectifconsenti.ca\/elementor-4636\/\"]}]},{\"@type\":\"BreadcrumbList\",\"@id\":\"https:\/\/collectifconsenti.ca\/elementor-4636\/#breadcrumb\",\"itemListElement\":[{\"@type\":\"ListItem\",\"position\":1,\"name\":\"Accueil\",\"item\":\"https:\/\/collectifconsenti.ca\/\"},{\"@type\":\"ListItem\",\"position\":2,\"name\":\"We&rsquo;re in the news\"}]},{\"@type\":\"WebSite\",\"@id\":\"https:\/\/collectifconsenti.ca\/#website\",\"url\":\"https:\/\/collectifconsenti.ca\/\",\"name\":\"Collectif Consenti\",\"description\":\"Centre d&#039;Aide et de Lutte contre les Agressions \u00e0 Caract\u00e8re Sexuel\",\"publisher\":{\"@id\":\"https:\/\/collectifconsenti.ca\/#organization\"},\"potentialAction\":[{\"@type\":\"SearchAction\",\"target\":{\"@type\":\"EntryPoint\",\"urlTemplate\":\"https:\/\/collectifconsenti.ca\/?s={search_term_string}\"},\"query-input\":{\"@type\":\"PropertyValueSpecification\",\"valueRequired\":true,\"valueName\":\"search_term_string\"}}],\"inLanguage\":\"en-US\"},{\"@type\":\"Organization\",\"@id\":\"https:\/\/collectifconsenti.ca\/#organization\",\"name\":\"Collectif Consenti\",\"url\":\"https:\/\/collectifconsenti.ca\/\",\"logo\":{\"@type\":\"ImageObject\",\"inLanguage\":\"en-US\",\"@id\":\"https:\/\/collectifconsenti.ca\/#\/schema\/logo\/image\/\",\"url\":\"https:\/\/collectifconsenti.ca\/wp-content\/uploads\/2020\/05\/CC_RESEAUX-SOCIAUX_Plan-de-travail-1-copie.jpg\",\"contentUrl\":\"https:\/\/collectifconsenti.ca\/wp-content\/uploads\/2020\/05\/CC_RESEAUX-SOCIAUX_Plan-de-travail-1-copie.jpg\",\"width\":1501,\"height\":1500,\"caption\":\"Collectif Consenti\"},\"image\":{\"@id\":\"https:\/\/collectifconsenti.ca\/#\/schema\/logo\/image\/\"}}]}<\/script>\n<!-- \/ Yoast SEO plugin. -->","yoast_head_json":{"title":"We're in the news - Collectif Consenti","robots":{"index":"index","follow":"follow","max-snippet":"max-snippet:-1","max-image-preview":"max-image-preview:large","max-video-preview":"max-video-preview:-1"},"canonical":"https:\/\/collectifconsenti.ca\/elementor-4636\/","og_locale":"en_US","og_type":"article","og_title":"We're in the news - Collectif Consenti","og_description":"GET INFORMED We&#8217;re in the news! Links to press articles Un organisme montr\u00e9alais fait volte-face sur le travail du sexe, Journal Metro, March 8th 2023 Des organismes claquent la porte de Fiert\u00e9 Montr\u00e9al, La Presse, May 16th 2025 Fiert\u00e9 Montr\u00e9al : des organismes communautaires retirent leur appui, Radio-Canada, May 17th 2025 L\u2019inceste, ce crime sexuel [&hellip;]","og_url":"https:\/\/collectifconsenti.ca\/elementor-4636\/","og_site_name":"Collectif Consenti","article_modified_time":"2025-07-29T13:41:42+00:00","twitter_card":"summary_large_image","twitter_misc":{"Est. reading time":"1 minute"},"schema":{"@context":"https:\/\/schema.org","@graph":[{"@type":"WebPage","@id":"https:\/\/collectifconsenti.ca\/elementor-4636\/","url":"https:\/\/collectifconsenti.ca\/elementor-4636\/","name":"We're in the news - Collectif Consenti","isPartOf":{"@id":"https:\/\/collectifconsenti.ca\/#website"},"datePublished":"2023-08-09T17:16:33+00:00","dateModified":"2025-07-29T13:41:42+00:00","breadcrumb":{"@id":"https:\/\/collectifconsenti.ca\/elementor-4636\/#breadcrumb"},"inLanguage":"en-US","potentialAction":[{"@type":"ReadAction","target":["https:\/\/collectifconsenti.ca\/elementor-4636\/"]}]},{"@type":"BreadcrumbList","@id":"https:\/\/collectifconsenti.ca\/elementor-4636\/#breadcrumb","itemListElement":[{"@type":"ListItem","position":1,"name":"Accueil","item":"https:\/\/collectifconsenti.ca\/"},{"@type":"ListItem","position":2,"name":"We&rsquo;re in the news"}]},{"@type":"WebSite","@id":"https:\/\/collectifconsenti.ca\/#website","url":"https:\/\/collectifconsenti.ca\/","name":"Collectif Consenti","description":"Centre d&#039;Aide et de Lutte contre les Agressions \u00e0 Caract\u00e8re Sexuel","publisher":{"@id":"https:\/\/collectifconsenti.ca\/#organization"},"potentialAction":[{"@type":"SearchAction","target":{"@type":"EntryPoint","urlTemplate":"https:\/\/collectifconsenti.ca\/?s={search_term_string}"},"query-input":{"@type":"PropertyValueSpecification","valueRequired":true,"valueName":"search_term_string"}}],"inLanguage":"en-US"},{"@type":"Organization","@id":"https:\/\/collectifconsenti.ca\/#organization","name":"Collectif Consenti","url":"https:\/\/collectifconsenti.ca\/","logo":{"@type":"ImageObject","inLanguage":"en-US","@id":"https:\/\/collectifconsenti.ca\/#\/schema\/logo\/image\/","url":"https:\/\/collectifconsenti.ca\/wp-content\/uploads\/2020\/05\/CC_RESEAUX-SOCIAUX_Plan-de-travail-1-copie.jpg","contentUrl":"https:\/\/collectifconsenti.ca\/wp-content\/uploads\/2020\/05\/CC_RESEAUX-SOCIAUX_Plan-de-travail-1-copie.jpg","width":1501,"height":1500,"caption":"Collectif Consenti"},"image":{"@id":"https:\/\/collectifconsenti.ca\/#\/schema\/logo\/image\/"}}]}},"_links":{"self":[{"href":"https:\/\/collectifconsenti.ca\/en\/wp-json\/wp\/v2\/pages\/4663","targetHints":{"allow":["GET"]}}],"collection":[{"href":"https:\/\/collectifconsenti.ca\/en\/wp-json\/wp\/v2\/pages"}],"about":[{"href":"https:\/\/collectifconsenti.ca\/en\/wp-json\/wp\/v2\/types\/page"}],"author":[{"embeddable":true,"href":"https:\/\/collectifconsenti.ca\/en\/wp-json\/wp\/v2\/users\/2"}],"replies":[{"embeddable":true,"href":"https:\/\/collectifconsenti.ca\/en\/wp-json\/wp\/v2\/comments?post=4663"}],"version-history":[{"count":7,"href":"https:\/\/collectifconsenti.ca\/en\/wp-json\/wp\/v2\/pages\/4663\/revisions"}],"predecessor-version":[{"id":5600,"href":"https:\/\/collectifconsenti.ca\/en\/wp-json\/wp\/v2\/pages\/4663\/revisions\/5600"}],"wp:attachment":[{"href":"https:\/\/collectifconsenti.ca\/en\/wp-json\/wp\/v2\/media?parent=4663"}],"curies":[{"name":"wp","href":"https:\/\/api.w.org\/{rel}","templated":true}]}}